{"id":3743,"date":"2017-10-02T06:44:43","date_gmt":"2017-10-02T06:44:43","guid":{"rendered":"http:\/\/armenianlegal.org\/?page_id=3743"},"modified":"2024-09-12T17:09:57","modified_gmt":"2024-09-12T17:09:57","slug":"alc-in-the-news","status":"publish","type":"page","link":"https:\/\/armenianlegal.org\/am\/who-we-are\/alc-in-the-news\/","title":{"rendered":"ALC \u056c\u0578\u0582\u0580\u056b\u0576 \u0574\u0567\u057b"},"content":{"rendered":"<!-- wp:list -->\n<ul><li><span style=\"font-weight: 400;\">June 4, 2021, \u201cArmenian Legal Center for Justice and Human Rights issues statement on trial of illegally held Armenian POWs in Baku,\u201d<\/span><i><span style=\"font-weight: 400;\"> Armenian Weekly<\/span><\/i><br><a href=\"https:\/\/armenianweekly.com\/2021\/05\/28\/alc-issues-statement-on-recently-kidnapped-armenian-soldiers-us-state-departments-response\/\">https:\/\/armenianweekly.com\/2021\/06\/04\/armenian-legal-center-for-justice-and-human-rights-issues-statement-on-trial-of-illegally-held-armenian-pows-in-baku\/<\/a><\/li><\/ul>\n<!-- \/wp:list -->\n\n<!-- wp:paragraph -->\n<p><\/p>\n<!-- \/wp:paragraph -->\n\n<!-- wp:list -->\n<ul><li><span style=\"font-weight: 400;\">May 28, 2021, \u201cALC issues statement on recently kidnapped Armenian soldiers, US State Department\u2019s response,\u201d<\/span><i><span style=\"font-weight: 400;\"> Armenian Weekly<\/span><\/i><br><a href=\"https:\/\/armenianweekly.com\/2021\/05\/28\/alc-issues-statement-on-recently-kidnapped-armenian-soldiers-us-state-departments-response\/\">https:\/\/armenianweekly.com\/2021\/05\/28\/alc-issues-statement-on-recently-kidnapped-armenian-soldiers-us-state-departments-response\/<\/a><\/li><\/ul>\n<!-- \/wp:list -->\n\n<!-- wp:paragraph -->\n<p><\/p>\n<!-- \/wp:paragraph -->\n\n<!-- wp:list -->\n<ul><li><span style=\"font-weight: 400;\">May 18, 2021, \u201cArmenian Legal Center for Justice &amp; Human Rights: State Department\u2019s failure to respond emboldens Azerbaijan by ignoring Armenian POWs,\u201d<\/span><i><span style=\"font-weight: 400;\"> Armenian Weekly<\/span><\/i><br><span style=\"text-decoration: underline;\"><span style=\"color: #0000ff;\">https:\/\/armenianweekly.com\/2021\/05\/18\/armenian-legal-center-for-justice-human-rights-state-departments-failure-to-respond-emboldens-azerbaijan-by-ignoring-armenian-pows\/<\/span><\/span><\/li><li><span style=\"font-weight: 400;\">May 10, 2021, \u201cArmenian Legal Center for Justice and Human Rights issues statement on the release of POWs represented before the ECHR,\u201d<\/span><i><span style=\"font-weight: 400;\"> Armenian Weekly<\/span><\/i><br><span style=\"text-decoration: underline;\"><span style=\"color: #0000ff;\">https:\/\/armenianweekly.com\/2021\/05\/10\/armenian-legal-center-for-justice-and-human-rights-issues-statement-on-the-release-of-pows-represented-before-the-echr\/<\/span><\/span><\/li><li><span style=\"font-weight: 400;\">February 24, 2021, \u201cArmenian Legal Center, International &amp; Comparative Law Center partner to secure release of Armenian soldiers,\u201d<\/span><i><span style=\"font-weight: 400;\"> Armenian Weekly<\/span><\/i><br>https:\/\/armenianweekly.com\/2021\/02\/24\/armenian-legal-center-international-comparative-law-center-partner-to-secure-release-of-armenian-soldiers\/<\/li><li><span style=\"font-weight: 400;\">March 1, 2018, \u201cNagorno Karabakh Must Be the Primary Subject and Not an Object of the Peace Process Say Prominent International Scholars,\u201d<\/span><i><span style=\"font-weight: 400;\"> Hetq Online<\/span><\/i><br><span style=\"text-decoration: underline;\"><span style=\"color: #0000ff;\"><a style=\"color: #0000ff; text-decoration: underline;\" href=\"http:\/\/www.panarmenian.net\/eng\/news\/251862\/ \">http:\/\/www.panarmenian.net\/eng\/news\/251862\/ <\/a><\/span><\/span><\/li><li><span style=\"font-weight: 400;\">March 1, 2018, \u201cNagorno Karabakh Must Be the Primary Subject of Peace Process\u2019 Say Prominent International Scholars,\u201d <\/span><i><span style=\"font-weight: 400;\">Asbarez<\/span><\/i><br><span style=\"text-decoration: underline;\"><span style=\"color: #0000ff;\"><a style=\"color: #0000ff; text-decoration: underline;\" href=\"https:\/\/www.panorama.am\/en\/news\/2018\/03\/01\/Azerbaijani-Karabakh-conflict-settlement-Brussels\/1913348 \">https:\/\/www.panorama.am\/en\/news\/2018\/03\/01\/Azerbaijani-Karabakh-conflict-settlement-Brussels\/1913348 <\/a><\/span><\/span><\/li><li><span style=\"font-weight: 400;\">March 1, 2018, \u201cLegal aspects of Azerbaijani-Karabakh conflict settlement discussed in Brussels,\u201d<br><\/span><i><span style=\"font-weight: 400;\">Panorama.am<\/span><\/i><br><span style=\"text-decoration: underline;\"><span style=\"color: #0000ff;\"><a style=\"color: #0000ff; text-decoration: underline;\" href=\"https:\/\/www.panorama.am\/en\/news\/2018\/03\/01\/Azerbaijani-Karabakh-conflict-settlement-Brussels\/1913348\">https:\/\/www.panorama.am\/en\/news\/2018\/03\/01\/Azerbaijani-Karabakh-conflict-settlement-Brussels\/1913348<\/a><\/span><\/span><\/li><li><span style=\"font-weight: 400;\">February 20, 2018, \u201cArtsakh Conference to Be Held at the European Parliament on Feb. 27,\u201d <\/span><i><span style=\"font-weight: 400;\">The Armenian Weekly<\/span><\/i><br><span style=\"text-decoration: underline;\"><span style=\"color: #0000ff;\"><a style=\"color: #0000ff; text-decoration: underline;\" href=\"https:\/\/armenianweekly.com\/2018\/02\/20\/artsakh-conference-held-european-parliament-feb-27\/ \">https:\/\/armenianweekly.com\/2018\/02\/20\/artsakh-conference-held-european-parliament-feb-27\/ <\/a><\/span><\/span><\/li><li><span style=\"font-weight: 400;\">February 9, 2018, \u201cRenowned int&#8217;l scholars to discuss Karabakh at European Parliament,\u201d <\/span><i><span style=\"font-weight: 400;\"> PanArmenian.net<\/span><\/i><br><span style=\"text-decoration: underline;\"><span style=\"color: #0000ff;\"><a style=\"color: #0000ff; text-decoration: underline;\" href=\"http:\/\/www.panarmenian.net\/eng\/news\/251862\/ \">http:\/\/www.panarmenian.net\/eng\/news\/251862\/\u00a0<\/a><\/span><\/span><\/li><li><span style=\"font-weight: 400;\">October 18, 2017, \u201c\u041f\u043e\u043b\u0435 \u0431\u0438\u0442\u0432\u044b \u2014 \u0421\u0428\u0410: \u0430\u0440\u043c\u044f\u043d\u0441\u043a\u0430\u044f \u0434\u0438\u0430\u0441\u043f\u043e\u0440\u0430 \u00ab\u043e\u0431\u044a\u044f\u0432\u0438\u043b\u0430 \u0432\u043e\u0439\u043d\u0443\u00bb \u0422\u0443\u0440\u0446\u0438\u0438,\u201d <\/span><i><span style=\"font-weight: 400;\"> \u0420\u0430\u043c\u0431\u043b\u0435\u0440<\/span><\/i><br><span style=\"text-decoration: underline;\"><span style=\"color: #0000ff;\"><a style=\"color: #0000ff; text-decoration: underline;\" href=\"https:\/\/news.rambler.ru\/world\/38191564\/?utm_content=rnews&amp;utm_medium=read_more&amp;utm_source=copylink \">https:\/\/news.rambler.ru\/world\/38191564\/?utm_content=rnews&amp;utm_medium=read_more&amp;utm_source=copylink <\/a><\/span><\/span><\/li><li><span style=\"font-weight: 400;\">October 17, 2017, \u201c\u0410\u0440\u043c\u044f\u043d\u0441\u043a\u0438\u0439 \u044e\u0440\u0438\u0434\u0438\u0447\u0435\u0441\u043a\u0438\u0439 \u0426\u0435\u043d\u0442\u0440 \u0432 \u0421\u0428\u0410 \u0436\u0434\u0435\u0442 \u0440\u0435\u043f\u0430\u0440\u0430\u0446\u0438\u0439 \u043e\u0442 \u0422\u0443\u0440\u0446\u0438\u0438 \u0437\u0430 \u0443\u0449\u0435\u0440\u0431, \u043f\u0440\u0438\u0447\u0438\u043d\u0435\u043d\u043d\u044b\u0439 \u0432\u043e \u0432\u0440\u0435\u043c\u044f \u0413\u0435\u043d\u043e\u0446\u0438\u0434\u0430 \u0430\u0440\u043c\u044f\u043d,\u201d<\/span><i><span style=\"font-weight: 400;\"> \u0410\u0440\u043c\u0418\u043d\u0444\u043e<\/span><\/i><br><span style=\"text-decoration: underline;\"><span style=\"color: #0000ff;\"><a style=\"color: #0000ff; text-decoration: underline;\" href=\"http:\/\/arminfo.info\/full_news.php?id=27794&amp;lang=2 \">http:\/\/arminfo.info\/full_news.php?id=27794&amp;lang=2 <\/a><\/span><\/span><\/li><li><span style=\"font-weight: 400;\">October 17, 2017, \u201c\u0412 \u0421\u0428\u0410 \u0441\u043e\u0437\u0434\u0430\u044e\u0442 \u0431\u0430\u0437\u0443 \u0434\u0430\u043d\u043d\u044b\u0445 \u043f\u043e \u043e\u0431\u044a\u0435\u043a\u0442\u0430\u043c \u043d\u0435\u0434\u0432\u0438\u0436\u0438\u043c\u043e\u0441\u0442\u0438 \u0430\u0440\u043c\u044f\u043d \u0432 \u041e\u0441\u043c\u0430\u043d\u0441\u043a\u043e\u0439 \u0438\u043c\u043f\u0435\u0440\u0438\u0438,\u201d<br><\/span><i><span style=\"font-weight: 400;\"> Voskanapat.info<\/span><\/i><br><span style=\"text-decoration: underline;\"><span style=\"color: #0000ff;\"><a style=\"color: #0000ff; text-decoration: underline;\" href=\"http:\/\/voskanapat.info\/?p=26665&amp;l=ru\">http:\/\/voskanapat.info\/?p=26665&amp;l=ru<\/a><\/span><\/span><\/li><li><span style=\"font-weight: 400;\">April 24, 2017, \u201c\u0413\u043b\u044d\u0434\u0438\u0441 \u0411\u0435\u0440\u0435\u0434\u0436\u0438\u043a\u043b\u044f\u043d \u0432 \u0421\u0438\u0434\u043d\u0435\u0435 \u043f\u0440\u0438\u043c\u0435\u0442 \u0443\u0447\u0430\u0441\u0442\u0438\u0435 \u0432 \u0446\u0435\u0440\u0435\u043c\u043e\u043d\u0438\u0438,<br>\u043f\u043e\u0441\u0432\u044f\u0449\u0435\u043d\u043d\u043e\u0439 \u043f\u0430\u043c\u044f\u0442\u0438 \u0436\u0435\u0440\u0442\u0432 \u0413\u0435\u043d\u043e\u0446\u0438\u0434\u0430 \u0430\u0440\u043c\u044f\u043d,\u201d <\/span><i><span style=\"font-weight: 400;\">ArmenPress<\/span><\/i><br><span style=\"text-decoration: underline;\"><span style=\"color: #0000ff;\"><a style=\"color: #0000ff; text-decoration: underline;\" href=\"https:\/\/armenpress.am\/rus\/news\/887908\/gledis-beredzhiklyan-v-sidnee-primet-uchastie-v-ceremonii.html\">https:\/\/armenpress.am\/rus\/news\/887908\/gledis-beredzhiklyan-v-sidnee-primet-uchastie-v-ceremonii.html<\/a><\/span><\/span><\/li><li><span style=\"font-weight: 400;\">December 21, 2017, \u201cPro-Erdo\u011fan Assailants Plead Guilty and Gear Up to Use<br>PKK Claims to Smear Victims,\u201d<\/span><i><span style=\"font-weight: 400;\"> The Armenian Weekly <\/span><\/i><br><span style=\"text-decoration: underline;\"><span style=\"color: #0000ff;\"><a style=\"color: #0000ff; text-decoration: underline;\" href=\"https:\/\/armenianweekly.com\/2017\/12\/21\/pro-erdogan-assailants-plead-guilty-gear-use-pkk-claims-smear-victims\/ \">https:\/\/armenianweekly.com\/2017\/12\/21\/pro-erdogan-assailants-plead-guilty-gear-use-pkk-claims-smear-victims\/ <\/a><\/span><\/span><\/li><li><span style=\"font-weight: 400;\">December 21, 2017, \u201cOne Year Sentence Proposed for Two Pro-Erdogan D.C. Attackers,\u201d<\/span><i><span style=\"font-weight: 400;\">The Armenian Weekly<\/span><\/i><br><span style=\"text-decoration: underline;\"><span style=\"color: #0000ff;\"><a style=\"color: #0000ff; text-decoration: underline;\" href=\"https:\/\/armenianweekly.com\/2017\/12\/21\/charges-two-dc-attackers-reduced\/\">https:\/\/armenianweekly.com\/2017\/12\/21\/charges-two-dc-attackers-reduced\/<\/a><\/span><\/span><\/li><li><span style=\"font-weight: 400;\">December 19,2017, \u201cConference Seeks to Protect Sacred Sites,\u201d<\/span><i><span style=\"font-weight: 400;\"> The Armenian Mirror-Spectator<\/span><\/i><br><span style=\"text-decoration: underline;\"><span style=\"color: #0000ff;\"><a style=\"color: #0000ff; text-decoration: underline;\" href=\"https:\/\/mirrorspectator.com\/2017\/12\/19\/conference-seeks-protect-sacred-sites\/\">https:\/\/mirrorspectator.com\/2017\/12\/19\/conference-seeks-protect-sacred-sites\/<\/a><\/span><\/span><\/li><li><span style=\"font-weight: 400;\">December 11, 2017, \u201cArmenian Legal Center Highlights Link between Property and Religious Rights at International Conference in D.C.,\u201d<\/span><i><span style=\"font-weight: 400;\">The Armenian Weekly<\/span><\/i><br><span style=\"text-decoration: underline;\"><span style=\"color: #0000ff;\"><a style=\"color: #0000ff; text-decoration: underline;\" href=\"https:\/\/armenianweekly.com\/2017\/12\/11\/alc-conference-2017-dc\/\">https:\/\/armenianweekly.com\/2017\/12\/11\/alc-conference-2017-dc\/<\/a><\/span><\/span><\/li><li><span style=\"font-weight: 400;\">December 1, 2017, \u201cArmenian Legal Center\u2019s Nahapetian to Speak at International Conference on Religious Freedom,\u201d<\/span><i><span style=\"font-weight: 400;\"> The Armenian Weekly <\/span><\/i><br><span style=\"text-decoration: underline;\"><span style=\"color: #0000ff;\"><a style=\"color: #0000ff; text-decoration: underline;\" href=\"https:\/\/armenianweekly.com\/2017\/12\/01\/armenian-legal-centers-nahapetian-speak-international-conference-religious-freedom\/\">https:\/\/armenianweekly.com\/2017\/12\/01\/armenian-legal-centers-nahapetian-speak-international-conference-religious-freedom\/<\/a><\/span><\/span><\/li><li><span style=\"font-weight: 400;\">October 23, 2017, \u201cOur Claims on Genocide Become More Substantial,\u201d <\/span><i><span style=\"font-weight: 400;\">Armedia IAA Inc.<\/span><\/i><br><span style=\"text-decoration: underline;\"><span style=\"color: #0000ff;\"><a style=\"color: #0000ff; text-decoration: underline;\" href=\"http:\/\/armedia.am\/eng\/news\/53340\/our-claims-on-genocide-become-more-substantial.html\">http:\/\/armedia.am\/eng\/news\/53340\/our-claims-on-genocide-become-more-substantial.html<\/a><\/span><\/span><\/li><li><span style=\"font-weight: 400;\">October 19, 2017, \u201cUn site pour recenser les biens spoli\u00e9s par la Turquie lors du g\u00e9nocide des Arm\u00e9niens en 1915,\u201d <\/span><i><span style=\"font-weight: 400;\">Nouvelles Armenie Magazine<\/span><\/i><br><span style=\"text-decoration: underline;\"><span style=\"color: #0000ff;\"><a style=\"color: #0000ff; text-decoration: underline;\" href=\"http:\/\/www.armenews.com\/article.php3?id_article=148132\">http:\/\/www.armenews.com\/article.php3?id_article=148132<\/a><\/span><\/span><\/li><li><span style=\"font-weight: 400;\">October 16, 2017, Armenian Legal Center Announces Property Documentation Database Project, <\/span><i><span style=\"font-weight: 400;\">The Armenian Weekly<\/span><\/i><br><span style=\"text-decoration: underline;\"><span style=\"color: #0000ff;\"><a style=\"color: #0000ff; text-decoration: underline;\" href=\"https:\/\/armenianweekly.com\/2017\/10\/16\/armenian-legal-center-announces-property-documentation-database-project\/\">https:\/\/armenianweekly.com\/2017\/10\/16\/armenian-legal-center-announces-property-documentation-database-project\/<\/a><\/span><\/span><\/li><li><span style=\"font-weight: 400;\">October, 16, 2017, \u201cANCA-WR Grassroots Conference Elevates Activism in the Community,\u201d <\/span><i><span style=\"font-weight: 400;\">Asbarez<\/span><\/i><br><span style=\"text-decoration: underline;\"><span style=\"color: #0000ff;\"><a style=\"color: #0000ff; text-decoration: underline;\" href=\"http:\/\/asbarez.com\/167789\/anca-wr-grassroots-conference-elevates-activism-in-the-community\/\">http:\/\/asbarez.com\/167789\/anca-wr-grassroots-conference-elevates-activism-in-the-community\/<\/a><\/span><\/span><\/li><li><span style=\"font-weight: 400;\">October 10, 2017, \u201cArmenian Legal Center Announces Property Documentation Database Project,\u201d <\/span><i><span style=\"font-weight: 400;\">News.am<\/span><\/i><br><span style=\"text-decoration: underline;\"><span style=\"color: #0000ff;\"><a style=\"color: #0000ff; text-decoration: underline;\" href=\"https:\/\/news.am\/eng\/news\/415879.html\">https:\/\/news.am\/eng\/news\/415879.html<\/a><\/span><\/span><\/li><li><span style=\"font-weight: 400;\">September 25, 2017, \u201cUS Congresspeoples\u2019 visit to Artsakh, Trump and Armenia: Ken Hachikian, Kate Nahapetian, the Issue of Our Country,\u201d <\/span><i><span style=\"font-weight: 400;\">Yerkir Media TV<\/span><\/i><br><span style=\"text-decoration: underline;\"><span style=\"color: #0000ff;\"><a style=\"color: #0000ff; text-decoration: underline;\" href=\"https:\/\/www.youtube.com\/watch?v=rTJBbjHhwYs&amp;app=desktop\">https:\/\/www.youtube.com\/watch?v=rTJBbjHhwYs&amp;app=desktop<\/a><\/span><\/span><\/li><li><span style=\"font-weight: 400;\">September 5, 2017, \u201cInterview with Dean Jennifer L Mnookian from The Promise Institute,\u201d <\/span><i><span style=\"font-weight: 400;\">The Promise News<\/span><\/i><br><span style=\"text-decoration: underline;\"><span style=\"color: #0000ff;\"><a style=\"color: #0000ff; text-decoration: underline;\" href=\"http:\/\/thepromisetoact.org\/interview-dean-mnookian\/\">http:\/\/thepromisetoact.org\/interview-dean-mnookian\/<\/a><\/span><\/span><\/li><li><span style=\"font-weight: 400;\">July 28, 2017, \u201cAdvocate for Armenian Genocide Recognition to Be Named U.S. Ambassador for Religious Freedom,\u201d <\/span><i><span style=\"font-weight: 400;\">The Armenian Weekly<\/span><\/i><br><span style=\"text-decoration: underline;\"><span style=\"color: #0000ff;\"><a style=\"color: #0000ff; text-decoration: underline;\" href=\"https:\/\/er.anca.org\/advocate-for-armenian-genocide-recognition-to-be-named-u-s-ambassador-for-religious-freedom\/\">https:\/\/er.anca.org\/advocate-for-armenian-genocide-recognition-to-be-named-u-s-ambassador-for-religious-freedom\/<\/a><\/span><\/span><\/li><li><span style=\"font-weight: 400;\">July 24, 2017, \u201cU.S. Legislators Demand Erdogan Apologize &amp; Extradite Perpetrators of Turkish Embassy Attack,\u201d <\/span><i><span style=\"font-weight: 400;\">Themanews.com<\/span><\/i><br><span style=\"text-decoration: underline;\"><span style=\"color: #0000ff;\"><a style=\"color: #0000ff; text-decoration: underline;\" href=\"http:\/\/en.protothema.gr\/u-s-legislators-demand-erdogan-apologize-extradite-perpetrators-of-turkish-embassy-attack\/\">http:\/\/en.protothema.gr\/u-s-legislators-demand-erdogan-apologize-extradite-perpetrators-of-turkish-embassy-attack\/<\/a><\/span><\/span><\/li><li><span style=\"font-weight: 400;\">April 7, 2017, \u201cKate Nahapetian to Headline Sydney and Melbourne Armenian Genocide Commemoration Events,\u201d <\/span><i><span style=\"font-weight: 400;\">Armenian National Committee of Australia<\/span><\/i><br><span style=\"text-decoration: underline;\"><span style=\"color: #0000ff;\"><a style=\"color: #0000ff; text-decoration: underline;\" href=\"http:\/\/www.anc.org.au\/news\/Media-Releases\/Kate-Nahapetian-to-headline-Sydney-and-Melbourne-Armenian-Genocide-Commemoration-events\">http:\/\/www.anc.org.au\/news\/Media-Releases\/Kate-Nahapetian-to-headline-Sydney-and-Melbourne-Armenian-Genocide-Commemoration-events<\/a><\/span><\/span><\/li><li><span style=\"font-weight: 400;\">March 28, 2017, \u201cArtsakh Ombudsman Discusses War Crimes, Human Rights at Johns Hopkins,\u201d <\/span><i><span style=\"font-weight: 400;\">The Armenian Weekly<\/span><\/i><br><span style=\"text-decoration: underline;\"><span style=\"color: #0000ff;\"><a style=\"color: #0000ff; text-decoration: underline;\" href=\"https:\/\/armenianweekly.com\/2017\/03\/28\/artsakh-ombudsman-discusses-war-crimes-human-rights-at-johns-hopkins\/\">https:\/\/armenianweekly.com\/2017\/03\/28\/artsakh-ombudsman-discusses-war-crimes-human-rights-at-johns-hopkins\/<\/a><\/span><\/span><\/li><li><span style=\"font-weight: 400;\">March 21, 2017 \u201cArmenian Legal Center calls on Amnesty International and Human Rights Watch to include Cases of Azerbaijani War Crimes in Annual Reports,\u201d <\/span><i><span style=\"font-weight: 400;\">Aravot.am News<\/span><\/i><br><span style=\"text-decoration: underline;\"><span style=\"color: #0000ff;\"><a style=\"color: #0000ff; text-decoration: underline;\" href=\"http:\/\/www.aravot-en.am\/2017\/03\/21\/191981\/\">http:\/\/www.aravot-en.am\/2017\/03\/21\/191981\/<\/a><\/span><\/span><\/li><li><span style=\"font-weight: 400;\">March 16, 2017, \u201cArmenian Legal Center Calls on Rights Groups to Include Azerbaijani War Crimes in Annual Reports,\u201d <\/span><i><span style=\"font-weight: 400;\">Asbarez<\/span><\/i><br><span style=\"text-decoration: underline;\"><span style=\"color: #0000ff;\"><a style=\"color: #0000ff; text-decoration: underline;\" href=\"http:\/\/asbarez.com\/161319\/armenian-legal-center-calls-on-rights-groups-to-include-azerbaijani-war-crimes-in-annual-reports\/\">http:\/\/asbarez.com\/161319\/armenian-legal-center-calls-on-rights-groups-to-include-azerbaijani-war-crimes-in-annual-reports\/<\/a><\/span><\/span><\/li><li><span style=\"font-weight: 400;\">March 3, 2017, \u201cExpert Explores Turkey\u2019s Laws on Armenian Genocide-Era Dispossession Cases,\u201d <\/span><i><span style=\"font-weight: 400;\">MassisPost<\/span><\/i><br><span style=\"text-decoration: underline;\"><span style=\"color: #0000ff;\"><a style=\"color: #0000ff; text-decoration: underline;\" href=\"https:\/\/massispost.com\/2017\/03\/expert-explores-turkeys-laws-armenian-genocide-era-dispossession-cases\/\">https:\/\/massispost.com\/2017\/03\/expert-explores-turkeys-laws-armenian-genocide-era-dispossession-cases\/<\/a><\/span><\/span><\/li><li><span style=\"font-weight: 400;\">March 3, 2017, \u201c\u00dcmit Kurt Explores Turkey\u2019s Laws on Armenian Genocide-Era Dispossession Cases,\u201d <\/span><i><span style=\"font-weight: 400;\">The Armenian Weekly<\/span><\/i><br><span style=\"text-decoration: underline;\"><span style=\"color: #0000ff;\"><a style=\"color: #0000ff; text-decoration: underline;\" href=\"https:\/\/armenianweekly.com\/2017\/03\/03\/umit-kurt-explores-turkeys-laws-on-armenian-genocide-era-dispossession-cases\/\">https:\/\/armenianweekly.com\/2017\/03\/03\/umit-kurt-explores-turkeys-laws-on-armenian-genocide-era-dispossession-cases\/<\/a><\/span><\/span><\/li><li><span style=\"font-weight: 400;\">September 28, 2016, \u201cNew Armenian Legal Center for Justice and Human Rights Launched,\u201d <\/span><i><span style=\"font-weight: 400;\">The Armenian Weekly<\/span><\/i><br><span style=\"text-decoration: underline;\"><span style=\"color: #0000ff;\"><a style=\"color: #0000ff; text-decoration: underline;\" href=\"https:\/\/armenianweekly.com\/2016\/09\/28\/alc-launched\/\">https:\/\/armenianweekly.com\/2016\/09\/28\/alc-launched\/<\/a><\/span><\/span><\/li><\/ul>\n<!-- \/wp:list -->","protected":false},"excerpt":{"rendered":"<p>June 4, 2021, \u201cArmenian Legal Center for Justice and Human Rights issues statement on trial of illegally held Armenian POWs in Baku,\u201d Armenian Weeklyhttps:\/\/armenianweekly.com\/2021\/06\/04\/armenian-legal-center-for-justice-and-human-rights-issues-statement-on-trial-of-illegally-held-armenian-pows-in-baku\/ May<\/p>\n","protected":false},"author":3,"featured_media":0,"parent":3315,"menu_order":0,"comment_status":"closed","ping_status":"closed","template":"","meta":{"footnotes":""},"class_list":["post-3743","page","type-page","status-publish","hentry"],"yoast_head":"<!-- This site is optimized with the Yoast SEO plugin v26.5 - https:\/\/yoast.com\/wordpress\/plugins\/seo\/ -->\n<title>ALC \u056c\u0578\u0582\u0580\u056b\u0576 \u0574\u0567\u057b - Armenian Legal Center for Justice &amp; Human Rights<\/title>\n<meta name=\"robots\" content=\"noindex, follow, max-snippet:-1, max-image-preview:large, max-video-preview:-1\" \/>\n<meta property=\"og:locale\" content=\"hy_AM\" \/>\n<meta property=\"og:type\" content=\"article\" \/>\n<meta property=\"og:title\" content=\"[:en]ALC in the News[:am]ALC \u056c\u0578\u0582\u0580\u056b\u0576 \u0574\u0567\u057b[:hy]ALC- \u0568 \u0546\u0578\u0580\u0578\u0582\u0569\u0575\u0578\u0582\u0576\u0576\u0565\u0580\u0578\u0582\u0574[:] - Armenian Legal Center for Justice &amp; Human Rights\" \/>\n<meta property=\"og:description\" content=\"June 4, 2021, \u201cArmenian Legal Center for Justice and Human Rights issues statement on trial of illegally held Armenian POWs in Baku,\u201d Armenian Weeklyhttps:\/\/armenianweekly.com\/2021\/06\/04\/armenian-legal-center-for-justice-and-human-rights-issues-statement-on-trial-of-illegally-held-armenian-pows-in-baku\/ May\" \/>\n<meta property=\"og:url\" content=\"https:\/\/armenianlegal.org\/who-we-are\/alc-in-the-news\/\" \/>\n<meta property=\"og:site_name\" content=\"Armenian Legal Center for Justice &amp; Human Rights\" \/>\n<meta property=\"article:modified_time\" content=\"2024-09-12T17:09:57+00:00\" \/>\n<meta name=\"twitter:card\" content=\"summary_large_image\" \/>\n<meta name=\"twitter:label1\" content=\"Est. reading time\" \/>\n\t<meta name=\"twitter:data1\" content=\"10 minutes\" \/>\n<script type=\"application\/ld+json\" class=\"yoast-schema-graph\">{\"@context\":\"https:\/\/schema.org\",\"@graph\":[{\"@type\":\"WebPage\",\"@id\":\"https:\/\/armenianlegal.org\/who-we-are\/alc-in-the-news\/\",\"url\":\"https:\/\/armenianlegal.org\/who-we-are\/alc-in-the-news\/\",\"name\":\"[:en]ALC in the News[:am]ALC \u056c\u0578\u0582\u0580\u056b\u0576 \u0574\u0567\u057b[:hy]ALC- \u0568 \u0546\u0578\u0580\u0578\u0582\u0569\u0575\u0578\u0582\u0576\u0576\u0565\u0580\u0578\u0582\u0574[:] - Armenian Legal Center for Justice &amp; Human Rights\",\"isPartOf\":{\"@id\":\"https:\/\/armenianlegal.org\/#website\"},\"datePublished\":\"2017-10-02T06:44:43+00:00\",\"dateModified\":\"2024-09-12T17:09:57+00:00\",\"breadcrumb\":{\"@id\":\"https:\/\/armenianlegal.org\/who-we-are\/alc-in-the-news\/#breadcrumb\"},\"inLanguage\":\"hy-AM\",\"potentialAction\":[{\"@type\":\"ReadAction\",\"target\":[\"https:\/\/armenianlegal.org\/who-we-are\/alc-in-the-news\/\"]}]},{\"@type\":\"BreadcrumbList\",\"@id\":\"https:\/\/armenianlegal.org\/who-we-are\/alc-in-the-news\/#breadcrumb\",\"itemListElement\":[{\"@type\":\"ListItem\",\"position\":1,\"name\":\"Home\",\"item\":\"https:\/\/armenianlegal.org\/\"},{\"@type\":\"ListItem\",\"position\":2,\"name\":\"About Us\",\"item\":\"https:\/\/armenianlegal.org\/who-we-are\/\"},{\"@type\":\"ListItem\",\"position\":3,\"name\":\"ALC in the News\"}]},{\"@type\":\"WebSite\",\"@id\":\"https:\/\/armenianlegal.org\/#website\",\"url\":\"https:\/\/armenianlegal.org\/\",\"name\":\"Armenian Legal Center for Justice &amp; Human Rights\",\"description\":\"For Justice and Human Rights\",\"potentialAction\":[{\"@type\":\"SearchAction\",\"target\":{\"@type\":\"EntryPoint\",\"urlTemplate\":\"https:\/\/armenianlegal.org\/?s={search_term_string}\"},\"query-input\":{\"@type\":\"PropertyValueSpecification\",\"valueRequired\":true,\"valueName\":\"search_term_string\"}}],\"inLanguage\":\"hy-AM\"}]}<\/script>\n<!-- \/ Yoast SEO plugin. -->","yoast_head_json":{"title":"[:en]ALC in the News[:am]ALC \u056c\u0578\u0582\u0580\u056b\u0576 \u0574\u0567\u057b[:hy]ALC- \u0568 \u0546\u0578\u0580\u0578\u0582\u0569\u0575\u0578\u0582\u0576\u0576\u0565\u0580\u0578\u0582\u0574[:] - Armenian Legal Center for Justice &amp; Human Rights","robots":{"index":"noindex","follow":"follow","max-snippet":"max-snippet:-1","max-image-preview":"max-image-preview:large","max-video-preview":"max-video-preview:-1"},"og_locale":"hy_AM","og_type":"article","og_title":"[:en]ALC in the News[:am]ALC \u056c\u0578\u0582\u0580\u056b\u0576 \u0574\u0567\u057b[:hy]ALC- \u0568 \u0546\u0578\u0580\u0578\u0582\u0569\u0575\u0578\u0582\u0576\u0576\u0565\u0580\u0578\u0582\u0574[:] - Armenian Legal Center for Justice &amp; Human Rights","og_description":"June 4, 2021, \u201cArmenian Legal Center for Justice and Human Rights issues statement on trial of illegally held Armenian POWs in Baku,\u201d Armenian Weeklyhttps:\/\/armenianweekly.com\/2021\/06\/04\/armenian-legal-center-for-justice-and-human-rights-issues-statement-on-trial-of-illegally-held-armenian-pows-in-baku\/ May","og_url":"https:\/\/armenianlegal.org\/who-we-are\/alc-in-the-news\/","og_site_name":"Armenian Legal Center for Justice &amp; Human Rights","article_modified_time":"2024-09-12T17:09:57+00:00","twitter_card":"summary_large_image","twitter_misc":{"Est. reading time":"10 minutes"},"schema":{"@context":"https:\/\/schema.org","@graph":[{"@type":"WebPage","@id":"https:\/\/armenianlegal.org\/who-we-are\/alc-in-the-news\/","url":"https:\/\/armenianlegal.org\/who-we-are\/alc-in-the-news\/","name":"[:en]ALC in the News[:am]ALC \u056c\u0578\u0582\u0580\u056b\u0576 \u0574\u0567\u057b[:hy]ALC- \u0568 \u0546\u0578\u0580\u0578\u0582\u0569\u0575\u0578\u0582\u0576\u0576\u0565\u0580\u0578\u0582\u0574[:] - Armenian Legal Center for Justice &amp; Human Rights","isPartOf":{"@id":"https:\/\/armenianlegal.org\/#website"},"datePublished":"2017-10-02T06:44:43+00:00","dateModified":"2024-09-12T17:09:57+00:00","breadcrumb":{"@id":"https:\/\/armenianlegal.org\/who-we-are\/alc-in-the-news\/#breadcrumb"},"inLanguage":"hy-AM","potentialAction":[{"@type":"ReadAction","target":["https:\/\/armenianlegal.org\/who-we-are\/alc-in-the-news\/"]}]},{"@type":"BreadcrumbList","@id":"https:\/\/armenianlegal.org\/who-we-are\/alc-in-the-news\/#breadcrumb","itemListElement":[{"@type":"ListItem","position":1,"name":"Home","item":"https:\/\/armenianlegal.org\/"},{"@type":"ListItem","position":2,"name":"About Us","item":"https:\/\/armenianlegal.org\/who-we-are\/"},{"@type":"ListItem","position":3,"name":"ALC in the News"}]},{"@type":"WebSite","@id":"https:\/\/armenianlegal.org\/#website","url":"https:\/\/armenianlegal.org\/","name":"Armenian Legal Center for Justice &amp; Human Rights","description":"For Justice and Human Rights","potentialAction":[{"@type":"SearchAction","target":{"@type":"EntryPoint","urlTemplate":"https:\/\/armenianlegal.org\/?s={search_term_string}"},"query-input":{"@type":"PropertyValueSpecification","valueRequired":true,"valueName":"search_term_string"}}],"inLanguage":"hy-AM"}]}},"_links":{"self":[{"href":"https:\/\/armenianlegal.org\/am\/wp-json\/wp\/v2\/pages\/3743","targetHints":{"allow":["GET"]}}],"collection":[{"href":"https:\/\/armenianlegal.org\/am\/wp-json\/wp\/v2\/pages"}],"about":[{"href":"https:\/\/armenianlegal.org\/am\/wp-json\/wp\/v2\/types\/page"}],"author":[{"embeddable":true,"href":"https:\/\/armenianlegal.org\/am\/wp-json\/wp\/v2\/users\/3"}],"replies":[{"embeddable":true,"href":"https:\/\/armenianlegal.org\/am\/wp-json\/wp\/v2\/comments?post=3743"}],"version-history":[{"count":0,"href":"https:\/\/armenianlegal.org\/am\/wp-json\/wp\/v2\/pages\/3743\/revisions"}],"up":[{"embeddable":true,"href":"https:\/\/armenianlegal.org\/am\/wp-json\/wp\/v2\/pages\/3315"}],"wp:attachment":[{"href":"https:\/\/armenianlegal.org\/am\/wp-json\/wp\/v2\/media?parent=3743"}],"curies":[{"name":"wp","href":"https:\/\/api.w.org\/{rel}","templated":true}]}}